{"id":2090,"date":"2025-09-01T10:56:00","date_gmt":"2025-09-01T08:56:00","guid":{"rendered":"https:\/\/plannerexhibitions.com\/?page_id=2090"},"modified":"2025-12-01T12:02:54","modified_gmt":"2025-12-01T11:02:54","slug":"senior","status":"publish","type":"page","link":"https:\/\/plannerexhibitions.com\/en\/senior\/","title":{"rendered":"Senior Living Forum"},"content":{"rendered":"\n<div class=\"wp-block-group cabecera-evento senior\"><div class=\"wp-block-group__inner-container is-layout-constrained wp-block-group-is-layout-constrained\">\n<figure class=\"wp-block-image size-full\"><img loading=\"lazy\" decoding=\"async\" width=\"1656\" height=\"895\" src=\"https:\/\/plannerexhibitions.com\/wp-content\/uploads\/2025\/11\/P85-3-Arcadias_Recortada.jpg\" alt=\"\" class=\"wp-image-8794\" srcset=\"https:\/\/plannerexhibitions.com\/wp-content\/uploads\/2025\/11\/P85-3-Arcadias_Recortada.jpg 1656w, https:\/\/plannerexhibitions.com\/wp-content\/uploads\/2025\/11\/P85-3-Arcadias_Recortada-300x162.jpg 300w, https:\/\/plannerexhibitions.com\/wp-content\/uploads\/2025\/11\/P85-3-Arcadias_Recortada-1024x553.jpg 1024w, https:\/\/plannerexhibitions.com\/wp-content\/uploads\/2025\/11\/P85-3-Arcadias_Recortada-768x415.jpg 768w, https:\/\/plannerexhibitions.com\/wp-content\/uploads\/2025\/11\/P85-3-Arcadias_Recortada-1536x830.jpg 1536w\" sizes=\"auto, (max-width: 1656px) 100vw, 1656px\" \/><\/figure>\n\n\n\n<div class=\"wp-block-group\"><div class=\"wp-block-group__inner-container is-layout-constrained wp-block-group-is-layout-constrained\">\n<h2 class=\"wp-block-heading\">Building People\u2019s Future<\/h2>\n\n\n\n<h3 class=\"wp-block-heading\">Around 300 professionals from the real estate and social healthcare sectors gathered in Madrid on 25 November to analyse trends, opportunities and challenges in senior living and healthcare in Spain.<\/h3>\n\n\n\n<div class=\"wp-block-buttons is-layout-flex wp-block-buttons-is-layout-flex\"><\/div>\n<\/div><\/div>\n<\/div><\/div>\n\n\n\n<section class=\"wp-block-group g-two-right\"><div class=\"wp-block-group__inner-container is-layout-constrained wp-block-group-is-layout-constrained\">\n<figure class=\"wp-block-image size-large image g-video\"><img loading=\"lazy\" decoding=\"async\" width=\"1024\" height=\"683\" src=\"https:\/\/plannerexhibitions.com\/wp-content\/uploads\/2025\/11\/Senior_2025_Networking-1024x683.jpg\" alt=\"\" class=\"wp-image-8779\" srcset=\"https:\/\/plannerexhibitions.com\/wp-content\/uploads\/2025\/11\/Senior_2025_Networking-1024x683.jpg 1024w, https:\/\/plannerexhibitions.com\/wp-content\/uploads\/2025\/11\/Senior_2025_Networking-300x200.jpg 300w, https:\/\/plannerexhibitions.com\/wp-content\/uploads\/2025\/11\/Senior_2025_Networking-768x512.jpg 768w, https:\/\/plannerexhibitions.com\/wp-content\/uploads\/2025\/11\/Senior_2025_Networking-1536x1025.jpg 1536w, https:\/\/plannerexhibitions.com\/wp-content\/uploads\/2025\/11\/Senior_2025_Networking.jpg 2048w\" sizes=\"auto, (max-width: 1024px) 100vw, 1024px\" \/><\/figure>\n\n\n\n<div class=\"wp-block-group content\"><div class=\"wp-block-group__inner-container is-layout-constrained wp-block-group-is-layout-constrained\">\n<h2 class=\"wp-block-heading\">That was Senior Living &amp; Healthcare Forum 2025<\/h2>\n\n\n\n<p>The event, which brought together investors, operators, and experts in urban planning and health, confirmed the turning point for the senior sector in Spain: an emerging market with solid fundamentals and a supply gap that makes it one of the greatest real estate opportunities of the coming decade.<\/p>\n\n\n\n<ul class=\"wp-block-list\">\n<li>Nearly 300 attendees<\/li>\n\n\n\n<li>+ 200 Companies\u200b<\/li>\n\n\n\n<li>2 million estimated audience<\/li>\n<\/ul>\n\n\n\n<div class=\"wp-block-buttons senior is-layout-flex wp-block-buttons-is-layout-flex\">\n<div class=\"wp-block-button\"><a class=\"wp-block-button__link wp-element-button\" href=\"https:\/\/youtu.be\/XcKOcSCddrY\" target=\"_blank\" rel=\"noreferrer noopener\">Video edition 2025<\/a><\/div>\n\n\n\n<div class=\"wp-block-button\"><a class=\"wp-block-button__link wp-element-button\" href=\"https:\/\/plannerexhibitions.com\/senior\/galeria-2025\/\">Photo Gallery 2025<\/a><\/div>\n\n\n\n<div class=\"wp-block-button senior\"><a class=\"wp-block-button__link wp-element-button\" href=\"https:\/\/plannerexhibitions.com\/espana-necesita-mas-de-200-000-nuevas-plazas-para-mayores-y-acelera-la-inversion-en-senior-living-y-healthcare\/\">Press release<\/a><\/div>\n<\/div>\n\n\n\n<p><\/p>\n\n\n\n<p><\/p>\n<\/div><\/div>\n<\/div><\/section>\n\n\n\n<section class=\"wp-block-group g-two-left\"><div class=\"wp-block-group__inner-container is-layout-constrained wp-block-group-is-layout-constrained\">\n<figure class=\"wp-block-image size-large image\"><img loading=\"lazy\" decoding=\"async\" width=\"1024\" height=\"683\" src=\"https:\/\/plannerexhibitions.com\/wp-content\/uploads\/2025\/11\/Senior_2025_Auditorio3-1024x683.jpg\" alt=\"\" class=\"wp-image-8775\" srcset=\"https:\/\/plannerexhibitions.com\/wp-content\/uploads\/2025\/11\/Senior_2025_Auditorio3-1024x683.jpg 1024w, https:\/\/plannerexhibitions.com\/wp-content\/uploads\/2025\/11\/Senior_2025_Auditorio3-300x200.jpg 300w, https:\/\/plannerexhibitions.com\/wp-content\/uploads\/2025\/11\/Senior_2025_Auditorio3-768x512.jpg 768w, https:\/\/plannerexhibitions.com\/wp-content\/uploads\/2025\/11\/Senior_2025_Auditorio3-1536x1025.jpg 1536w, https:\/\/plannerexhibitions.com\/wp-content\/uploads\/2025\/11\/Senior_2025_Auditorio3.jpg 2048w\" sizes=\"auto, (max-width: 1024px) 100vw, 1024px\" \/><\/figure>\n\n\n\n<div class=\"wp-block-group content\"><div class=\"wp-block-group__inner-container is-layout-constrained wp-block-group-is-layout-constrained\">\n<h2 class=\"wp-block-heading\">What is it?<\/h2>\n\n\n\n<p><strong>Senior Living &amp; Healthcare Forum<\/strong> is the key meeting place for leaders, investors, operators, healthcare professionals and public decision makers who are revolutionising the way we live and age. <\/p>\n\n\n\n<p>Born as a platform to drive the senior living sector forward, the forum transforms in 2025 to explicitly integrate the concept of healthcare. In a world where the boundaries between housing, health, wellness and care are increasingly blurred, this forum is positioned as the key space to explore and debate these areas. <\/p>\n\n\n\n<div class=\"wp-block-buttons is-layout-flex wp-block-buttons-is-layout-flex\"><\/div>\n\n\n\n<p><\/p>\n<\/div><\/div>\n<\/div><\/section>\n\n\n\n<section class=\"wp-block-group g-two-right\"><div class=\"wp-block-group__inner-container is-layout-constrained wp-block-group-is-layout-constrained\">\n<figure class=\"wp-block-image size-full image\"><img loading=\"lazy\" decoding=\"async\" width=\"1600\" height=\"1067\" src=\"https:\/\/plannerexhibitions.com\/wp-content\/uploads\/2025\/11\/Malaga-4-RdelaHoz.jpg\" alt=\"\" class=\"wp-image-8777\" srcset=\"https:\/\/plannerexhibitions.com\/wp-content\/uploads\/2025\/11\/Malaga-4-RdelaHoz.jpg 1600w, https:\/\/plannerexhibitions.com\/wp-content\/uploads\/2025\/11\/Malaga-4-RdelaHoz-300x200.jpg 300w, https:\/\/plannerexhibitions.com\/wp-content\/uploads\/2025\/11\/Malaga-4-RdelaHoz-1024x683.jpg 1024w, https:\/\/plannerexhibitions.com\/wp-content\/uploads\/2025\/11\/Malaga-4-RdelaHoz-768x512.jpg 768w, https:\/\/plannerexhibitions.com\/wp-content\/uploads\/2025\/11\/Malaga-4-RdelaHoz-1536x1024.jpg 1536w\" sizes=\"auto, (max-width: 1600px) 100vw, 1600px\" \/><\/figure>\n\n\n\n<div class=\"wp-block-group content\"><div class=\"wp-block-group__inner-container is-layout-constrained wp-block-group-is-layout-constrained\">\n<h2 class=\"wp-block-heading\"><strong>Senior Living and Healthcare: A market in full expansion<\/strong><\/h2>\n\n\n\n<div class=\"wp-block-group content\"><div class=\"wp-block-group__inner-container is-layout-constrained wp-block-group-is-layout-constrained\">\n<p>In Spain, the senior living and healthcare sector is undergoing a profound and sustained transformation. The ageing population, together with increased life expectancy and demand for adapted residential solutions, is driving the creation of new models that combine independent living, care services and wellbeing <\/p>\n\n\n\n<p>Despite cultural barriers and the need for clearer regulation, the market shows great potential for growth in the coming years. The supply of places and specialised services is expected to double by 2030, driven by innovation, digitalisation and collaboration between operators, investors and public administrations. <\/p>\n\n\n\n<p>The integration of advanced clinical services\u2014such as telemedicine, 24\/7 nursing care and personalised attention\u2014is transforming nursing homes and senior living complexes into hybrid environments where quality of life, autonomy and safety are priorities. This context favours the entry of new players, such as insurers, hospitals and health technology companies, and encourages strategic alliances that contribute to the sustainability and excellence of the sector. <\/p>\n\n\n\n<p>El senior Living se consolida as\u00ed como una de las grandes oportunidades de inversi\u00f3n y desarrollo social en la pr\u00f3xima d\u00e9cada en Espa\u00f1a.<\/p>\n\n\n\n<p><\/p>\n<\/div><\/div>\n<\/div><\/div>\n<\/div><\/section>\n\n\n\n<section class=\"wp-block-group\"><div class=\"wp-block-group__inner-container is-layout-constrained wp-block-group-is-layout-constrained\">\n<div class=\"wp-block-group bloque-featured right senior\"><div class=\"wp-block-group__inner-container is-layout-constrained wp-block-group-is-layout-constrained\">\n<figure class=\"wp-block-image size-large image-featured\"><img loading=\"lazy\" decoding=\"async\" width=\"1024\" height=\"683\" src=\"https:\/\/plannerexhibitions.com\/wp-content\/uploads\/2024\/06\/SLF_NGN_1282-1024x683.jpg\" alt=\"\" class=\"wp-image-1778\" srcset=\"https:\/\/plannerexhibitions.com\/wp-content\/uploads\/2024\/06\/SLF_NGN_1282-1024x683.jpg 1024w, https:\/\/plannerexhibitions.com\/wp-content\/uploads\/2024\/06\/SLF_NGN_1282-300x200.jpg 300w, https:\/\/plannerexhibitions.com\/wp-content\/uploads\/2024\/06\/SLF_NGN_1282-768x512.jpg 768w, https:\/\/plannerexhibitions.com\/wp-content\/uploads\/2024\/06\/SLF_NGN_1282-1536x1024.jpg 1536w, https:\/\/plannerexhibitions.com\/wp-content\/uploads\/2024\/06\/SLF_NGN_1282.jpg 1600w\" sizes=\"auto, (max-width: 1024px) 100vw, 1024px\" \/><\/figure>\n\n\n\n<h2 class=\"wp-block-heading\">Who are we addressing?<\/h2>\n\n\n\n<ul class=\"wp-block-list column-count\">\n<li>Property companies<\/li>\n\n\n\n<li>Public administrations and social and health regulators<\/li>\n\n\n\n<li>Specialised financing entities and investment funds<\/li>\n\n\n\n<li>Operators and managers of senior living, nursing homes and care services<\/li>\n\n\n\n<li>Technology and healthtech companies<\/li>\n\n\n\n<li>Senior asset appraisal and valuation firms<\/li>\n\n\n\n<li>Construction companies and architecture, urban planning and design studios focused on the elderly<\/li>\n\n\n\n<li>Property developers and investors specialising in senior housing<\/li>\n\n\n\n<li>Hospitals, clinics, and health centres <\/li>\n\n\n\n<li>Media and organisations in the silver economy sector<\/li>\n<\/ul>\n<\/div><\/div>\n<\/div><\/section>\n\n\n\n<section id=\"parnters\" class=\"wp-block-group\"><div class=\"wp-block-group__inner-container is-layout-constrained wp-block-group-is-layout-constrained\">\n<h3 class=\"wp-block-heading\">SENIOR LIVING &amp; HEALTHCARE FORUM 2025 PARTNERS<\/h3>\n\n\n\n<div class=\"wp-block-group g-listado-logos featured\"><div class=\"wp-block-group__inner-container is-layout-constrained wp-block-group-is-layout-constrained\"><p><div class=\"pro-logos-main\"><p><strong>Bronze Partner<\/strong><\/p><div class=\"pro-logos-content\"><div class=\"pro-logo-wrap-evento\" id=\"600\"><div class=\"pro-logo\"><a href=\"https:\/\/www.cbre.es\/\" target=\"_blank\" rel=\"noopener\"><img decoding=\"async\" class=\"alignnone\" src=\"https:\/\/plannerexhibitions.com\/wp-content\/uploads\/2024\/06\/cbre.webp\" alt=\"cbre\"><\/a><\/div><\/div><div class=\"pro-logo-wrap-evento\" id=\"565\"><div class=\"pro-logo\"><a href=\"https:\/\/www.savills.es\/\" target=\"_blank\" rel=\"noopener\"><img decoding=\"async\" class=\"alignnone\" src=\"https:\/\/plannerexhibitions.com\/wp-content\/uploads\/2024\/06\/Savills.webp\" alt=\"savills espa\u00f1a\"><\/a><\/div><\/div><div class=\"pro-logo-wrap-evento\" id=\"7257\"><div class=\"pro-logo\"><a href=\"https:\/\/talvion.com\/\" target=\"_blank\" rel=\"noopener\"><img decoding=\"async\" class=\"alignnone\" src=\"https:\/\/plannerexhibitions.com\/wp-content\/uploads\/2025\/07\/Talvion-Negro.jpg\" alt=\"talvi\u00f3n\"><\/a><\/div><\/div><\/div><\/div><div class=\"pro-logos-main\"><p><strong>Supporting Partner<\/strong><\/p><div class=\"pro-logos-content\"><div class=\"pro-logo-wrap-evento\" id=\"5921\"><div class=\"pro-logo\"><a href=\"https:\/\/www.adaptasocios.com\/\" target=\"_blank\" rel=\"noopener\"><img decoding=\"async\" class=\"alignnone\" src=\"https:\/\/plannerexhibitions.com\/wp-content\/uploads\/2025\/02\/Logo-Adapta-Socios-Color.jpg\" alt=\"adapta socios\"><\/a><\/div><\/div><div class=\"pro-logo-wrap-evento\" id=\"7605\"><div class=\"pro-logo\"><a href=\"https:\/\/www.ciparquitectos.com\/\" target=\"_blank\" rel=\"noopener\"><img decoding=\"async\" class=\"alignnone\" src=\"https:\/\/plannerexhibitions.com\/wp-content\/uploads\/2025\/09\/CIP-Arquitectos.png\" alt=\"cip arquitectos\"><\/a><\/div><\/div><div class=\"pro-logo-wrap-evento\" id=\"7687\"><div class=\"pro-logo\"><a href=\"https:\/\/www.ikea.com\/es\/es\/\" target=\"_blank\" rel=\"noopener\"><img decoding=\"async\" class=\"alignnone\" src=\"https:\/\/plannerexhibitions.com\/wp-content\/uploads\/2025\/10\/IKEA-IBERICA-scaled.png\" alt=\"ikea ib\u00c9rica\"><\/a><\/div><\/div><div class=\"pro-logo-wrap-evento\" id=\"516\"><div class=\"pro-logo\"><a href=\"https:\/\/jubenial.com\/\" target=\"_blank\" rel=\"noopener\"><img decoding=\"async\" class=\"alignnone\" src=\"https:\/\/plannerexhibitions.com\/wp-content\/uploads\/2024\/06\/jubenial.jpg\" alt=\"jubenial\"><\/a><\/div><\/div><div class=\"pro-logo-wrap-evento\" id=\"8076\"><div class=\"pro-logo\"><a href=\"https:\/\/www.jung-group.com\/es-ES\/\" target=\"_blank\" rel=\"noopener\"><img decoding=\"async\" class=\"alignnone\" src=\"https:\/\/plannerexhibitions.com\/wp-content\/uploads\/2025\/11\/Jung-1.jpeg\" alt=\"jung\"><\/a><\/div><\/div><div class=\"pro-logo-wrap-evento\" id=\"594\"><div class=\"pro-logo\"><a href=\"https:\/\/www.st-tasacion.es\/es\/inicio.html\" target=\"_blank\" rel=\"noopener\"><img decoding=\"async\" class=\"alignnone\" src=\"https:\/\/plannerexhibitions.com\/wp-content\/uploads\/2024\/06\/st-sociedad-de-tasacion.jpg\" alt=\"st sociedad de tasaci\u00f3n\"><\/a><\/div><\/div><\/div><\/div><div class=\"pro-logos-main\"><p><strong>NGO Partner<\/strong><\/p><div class=\"pro-logos-content\"><div class=\"pro-logo-wrap-evento\" id=\"1544\"><div class=\"pro-logo\"><a href=\"https:\/\/fundacionprodis.org\/\" target=\"_blank\" rel=\"noopener\"><img decoding=\"async\" class=\"alignnone\" src=\"https:\/\/plannerexhibitions.com\/wp-content\/uploads\/2024\/06\/PRODIS.jpg\" alt=\"fundaci\u00f3n prodis\"><\/a><\/div><\/div><\/div><\/div><\/p>\n<\/div><\/div>\n\n\n\n<p><\/p>\n\n\n\n\n<div class=\"wp-block-buttons senior is-layout-flex wp-block-buttons-is-layout-flex\">\n<div class=\"wp-block-button estadios\"><a class=\"wp-block-button__link wp-element-button\" href=\"https:\/\/plannerexhibitions.com\/en\/senior\/partners-2025\/\">See all partners 2025<\/a><\/div>\n<\/div>\n<\/div><\/section>\n\n\n\n<p><\/p>\n","protected":false},"excerpt":{"rendered":"<p>Building People\u2019s Future Around 300 professionals from the real estate and social healthcare sectors gathered in Madrid on 25 November to analyse trends, opportunities and challenges in senior living and healthcare in Spain. That was Senior Living &amp; Healthcare Forum 2025 The event, which brought together investors, operators, and experts in urban planning and health, [&hellip;]<\/p>\n","protected":false},"author":1,"featured_media":0,"parent":0,"menu_order":6,"comment_status":"closed","ping_status":"closed","template":"","meta":{"pgc_sgb_lightbox_settings":"","footnotes":""},"class_list":["post-2090","page","type-page","status-publish","hentry"],"yoast_head":"<!-- This site is optimized with the Yoast SEO plugin v27.4 - https:\/\/yoast.com\/product\/yoast-seo-wordpress\/ -->\n<title>Senior Living &amp; Healthcare Forum -<\/title>\n<meta name=\"description\" content=\"The key meeting for investors, operators, healthcare professionals and public decision-makers to transform the way we live and age. Register here.\" \/>\n<meta name=\"robots\" content=\"index, follow, max-snippet:-1, max-image-preview:large, max-video-preview:-1\" \/>\n<link rel=\"canonical\" href=\"https:\/\/plannerexhibitions.com\/en\/senior\/\" \/>\n<meta property=\"og:locale\" content=\"en_US\" \/>\n<meta property=\"og:type\" content=\"article\" \/>\n<meta property=\"og:title\" content=\"Senior Living &amp; Healthcare Forum -\" \/>\n<meta property=\"og:description\" content=\"The key meeting for investors, operators, healthcare professionals and public decision-makers to transform the way we live and age. Register here.\" \/>\n<meta property=\"og:url\" content=\"https:\/\/plannerexhibitions.com\/en\/senior\/\" \/>\n<meta property=\"og:site_name\" content=\"Planner Exhibitions\" \/>\n<meta property=\"article:modified_time\" content=\"2025-12-01T11:02:54+00:00\" \/>\n<meta property=\"og:image\" content=\"https:\/\/plannerexhibitions.com\/wp-content\/uploads\/2024\/06\/SLF_NGN_1628-1024x683.jpg\" \/>\n<meta name=\"twitter:card\" content=\"summary_large_image\" \/>\n<meta name=\"twitter:image\" content=\"https:\/\/plannerexhibitions.com\/wp-content\/uploads\/2024\/06\/SLF_NGN_1628-1024x683.jpg\" \/>\n<meta name=\"twitter:label1\" content=\"Est. reading time\" \/>\n\t<meta name=\"twitter:data1\" content=\"2 minutes\" \/>\n<script type=\"application\/ld+json\" class=\"yoast-schema-graph\">{\"@context\":\"https:\\\/\\\/schema.org\",\"@graph\":[{\"@type\":\"WebPage\",\"@id\":\"https:\\\/\\\/plannerexhibitions.com\\\/en\\\/senior\\\/\",\"url\":\"https:\\\/\\\/plannerexhibitions.com\\\/en\\\/senior\\\/\",\"name\":\"Senior Living & Healthcare Forum -\",\"isPartOf\":{\"@id\":\"https:\\\/\\\/plannerexhibitions.com\\\/en\\\/#website\"},\"primaryImageOfPage\":{\"@id\":\"https:\\\/\\\/plannerexhibitions.com\\\/en\\\/senior\\\/#primaryimage\"},\"image\":{\"@id\":\"https:\\\/\\\/plannerexhibitions.com\\\/en\\\/senior\\\/#primaryimage\"},\"thumbnailUrl\":\"https:\\\/\\\/plannerexhibitions.com\\\/wp-content\\\/uploads\\\/2025\\\/11\\\/P85-3-Arcadias_Recortada.jpg\",\"datePublished\":\"2025-09-01T08:56:00+00:00\",\"dateModified\":\"2025-12-01T11:02:54+00:00\",\"description\":\"The key meeting for investors, operators, healthcare professionals and public decision-makers to transform the way we live and age. Register here.\",\"breadcrumb\":{\"@id\":\"https:\\\/\\\/plannerexhibitions.com\\\/en\\\/senior\\\/#breadcrumb\"},\"inLanguage\":\"en-US\",\"potentialAction\":[{\"@type\":\"ReadAction\",\"target\":[\"https:\\\/\\\/plannerexhibitions.com\\\/en\\\/senior\\\/\"]}]},{\"@type\":\"ImageObject\",\"inLanguage\":\"en-US\",\"@id\":\"https:\\\/\\\/plannerexhibitions.com\\\/en\\\/senior\\\/#primaryimage\",\"url\":\"https:\\\/\\\/plannerexhibitions.com\\\/wp-content\\\/uploads\\\/2025\\\/11\\\/P85-3-Arcadias_Recortada.jpg\",\"contentUrl\":\"https:\\\/\\\/plannerexhibitions.com\\\/wp-content\\\/uploads\\\/2025\\\/11\\\/P85-3-Arcadias_Recortada.jpg\"},{\"@type\":\"BreadcrumbList\",\"@id\":\"https:\\\/\\\/plannerexhibitions.com\\\/en\\\/senior\\\/#breadcrumb\",\"itemListElement\":[{\"@type\":\"ListItem\",\"position\":1,\"name\":\"Portada\",\"item\":\"https:\\\/\\\/plannerexhibitions.com\\\/en\\\/\"},{\"@type\":\"ListItem\",\"position\":2,\"name\":\"Senior Living Forum\"}]},{\"@type\":\"WebSite\",\"@id\":\"https:\\\/\\\/plannerexhibitions.com\\\/en\\\/#website\",\"url\":\"https:\\\/\\\/plannerexhibitions.com\\\/en\\\/\",\"name\":\"Planner Exhibitions\",\"description\":\"\",\"publisher\":{\"@id\":\"https:\\\/\\\/plannerexhibitions.com\\\/en\\\/#organization\"},\"potentialAction\":[{\"@type\":\"SearchAction\",\"target\":{\"@type\":\"EntryPoint\",\"urlTemplate\":\"https:\\\/\\\/plannerexhibitions.com\\\/en\\\/?s={search_term_string}\"},\"query-input\":{\"@type\":\"PropertyValueSpecification\",\"valueRequired\":true,\"valueName\":\"search_term_string\"}}],\"inLanguage\":\"en-US\"},{\"@type\":\"Organization\",\"@id\":\"https:\\\/\\\/plannerexhibitions.com\\\/en\\\/#organization\",\"name\":\"Planner Exhibitions\",\"url\":\"https:\\\/\\\/plannerexhibitions.com\\\/en\\\/\",\"logo\":{\"@type\":\"ImageObject\",\"inLanguage\":\"en-US\",\"@id\":\"https:\\\/\\\/plannerexhibitions.com\\\/en\\\/#\\\/schema\\\/logo\\\/image\\\/\",\"url\":\"https:\\\/\\\/plannerexhibitions.com\\\/wp-content\\\/uploads\\\/2024\\\/06\\\/Planner_2L.svg\",\"contentUrl\":\"https:\\\/\\\/plannerexhibitions.com\\\/wp-content\\\/uploads\\\/2024\\\/06\\\/Planner_2L.svg\",\"width\":1,\"height\":1,\"caption\":\"Planner Exhibitions\"},\"image\":{\"@id\":\"https:\\\/\\\/plannerexhibitions.com\\\/en\\\/#\\\/schema\\\/logo\\\/image\\\/\"}}]}<\/script>\n<!-- \/ Yoast SEO plugin. -->","yoast_head_json":{"title":"Senior Living & Healthcare Forum -","description":"The key meeting for investors, operators, healthcare professionals and public decision-makers to transform the way we live and age. Register here.","robots":{"index":"index","follow":"follow","max-snippet":"max-snippet:-1","max-image-preview":"max-image-preview:large","max-video-preview":"max-video-preview:-1"},"canonical":"https:\/\/plannerexhibitions.com\/en\/senior\/","og_locale":"en_US","og_type":"article","og_title":"Senior Living & Healthcare Forum -","og_description":"The key meeting for investors, operators, healthcare professionals and public decision-makers to transform the way we live and age. Register here.","og_url":"https:\/\/plannerexhibitions.com\/en\/senior\/","og_site_name":"Planner Exhibitions","article_modified_time":"2025-12-01T11:02:54+00:00","og_image":[{"url":"https:\/\/plannerexhibitions.com\/wp-content\/uploads\/2024\/06\/SLF_NGN_1628-1024x683.jpg","type":"","width":"","height":""}],"twitter_card":"summary_large_image","twitter_image":"https:\/\/plannerexhibitions.com\/wp-content\/uploads\/2024\/06\/SLF_NGN_1628-1024x683.jpg","twitter_misc":{"Est. reading time":"2 minutes"},"schema":{"@context":"https:\/\/schema.org","@graph":[{"@type":"WebPage","@id":"https:\/\/plannerexhibitions.com\/en\/senior\/","url":"https:\/\/plannerexhibitions.com\/en\/senior\/","name":"Senior Living & Healthcare Forum -","isPartOf":{"@id":"https:\/\/plannerexhibitions.com\/en\/#website"},"primaryImageOfPage":{"@id":"https:\/\/plannerexhibitions.com\/en\/senior\/#primaryimage"},"image":{"@id":"https:\/\/plannerexhibitions.com\/en\/senior\/#primaryimage"},"thumbnailUrl":"https:\/\/plannerexhibitions.com\/wp-content\/uploads\/2025\/11\/P85-3-Arcadias_Recortada.jpg","datePublished":"2025-09-01T08:56:00+00:00","dateModified":"2025-12-01T11:02:54+00:00","description":"The key meeting for investors, operators, healthcare professionals and public decision-makers to transform the way we live and age. Register here.","breadcrumb":{"@id":"https:\/\/plannerexhibitions.com\/en\/senior\/#breadcrumb"},"inLanguage":"en-US","potentialAction":[{"@type":"ReadAction","target":["https:\/\/plannerexhibitions.com\/en\/senior\/"]}]},{"@type":"ImageObject","inLanguage":"en-US","@id":"https:\/\/plannerexhibitions.com\/en\/senior\/#primaryimage","url":"https:\/\/plannerexhibitions.com\/wp-content\/uploads\/2025\/11\/P85-3-Arcadias_Recortada.jpg","contentUrl":"https:\/\/plannerexhibitions.com\/wp-content\/uploads\/2025\/11\/P85-3-Arcadias_Recortada.jpg"},{"@type":"BreadcrumbList","@id":"https:\/\/plannerexhibitions.com\/en\/senior\/#breadcrumb","itemListElement":[{"@type":"ListItem","position":1,"name":"Portada","item":"https:\/\/plannerexhibitions.com\/en\/"},{"@type":"ListItem","position":2,"name":"Senior Living Forum"}]},{"@type":"WebSite","@id":"https:\/\/plannerexhibitions.com\/en\/#website","url":"https:\/\/plannerexhibitions.com\/en\/","name":"Planner Exhibitions","description":"","publisher":{"@id":"https:\/\/plannerexhibitions.com\/en\/#organization"},"potentialAction":[{"@type":"SearchAction","target":{"@type":"EntryPoint","urlTemplate":"https:\/\/plannerexhibitions.com\/en\/?s={search_term_string}"},"query-input":{"@type":"PropertyValueSpecification","valueRequired":true,"valueName":"search_term_string"}}],"inLanguage":"en-US"},{"@type":"Organization","@id":"https:\/\/plannerexhibitions.com\/en\/#organization","name":"Planner Exhibitions","url":"https:\/\/plannerexhibitions.com\/en\/","logo":{"@type":"ImageObject","inLanguage":"en-US","@id":"https:\/\/plannerexhibitions.com\/en\/#\/schema\/logo\/image\/","url":"https:\/\/plannerexhibitions.com\/wp-content\/uploads\/2024\/06\/Planner_2L.svg","contentUrl":"https:\/\/plannerexhibitions.com\/wp-content\/uploads\/2024\/06\/Planner_2L.svg","width":1,"height":1,"caption":"Planner Exhibitions"},"image":{"@id":"https:\/\/plannerexhibitions.com\/en\/#\/schema\/logo\/image\/"}}]}},"_links":{"self":[{"href":"https:\/\/plannerexhibitions.com\/en\/wp-json\/wp\/v2\/pages\/2090","targetHints":{"allow":["GET"]}}],"collection":[{"href":"https:\/\/plannerexhibitions.com\/en\/wp-json\/wp\/v2\/pages"}],"about":[{"href":"https:\/\/plannerexhibitions.com\/en\/wp-json\/wp\/v2\/types\/page"}],"author":[{"embeddable":true,"href":"https:\/\/plannerexhibitions.com\/en\/wp-json\/wp\/v2\/users\/1"}],"replies":[{"embeddable":true,"href":"https:\/\/plannerexhibitions.com\/en\/wp-json\/wp\/v2\/comments?post=2090"}],"version-history":[{"count":17,"href":"https:\/\/plannerexhibitions.com\/en\/wp-json\/wp\/v2\/pages\/2090\/revisions"}],"predecessor-version":[{"id":8862,"href":"https:\/\/plannerexhibitions.com\/en\/wp-json\/wp\/v2\/pages\/2090\/revisions\/8862"}],"wp:attachment":[{"href":"https:\/\/plannerexhibitions.com\/en\/wp-json\/wp\/v2\/media?parent=2090"}],"curies":[{"name":"wp","href":"https:\/\/api.w.org\/{rel}","templated":true}]}}